{"version":"1.0","provider_name":"RADIO GUARANY","provider_url":"https:\/\/radioguarany.com.ar","title":"Pe\u00f1a \"La Guarany\" abre sus puertas en Cosqu\u00edn - RADIO GUARANY","type":"rich","width":600,"height":338,"html":"<blockquote class=\"wp-embedded-content\" data-secret=\"Z8VAB6sFfv\"><a href=\"https:\/\/radioguarany.com.ar\/pena-la-guarany-abre-sus-puertas-en-cosquin\/\">Pe\u00f1a &#8220;La Guarany&#8221; abre sus puertas en Cosqu\u00edn<\/a><\/blockquote><iframe sandbox=\"allow-scripts\" security=\"restricted\" src=\"https:\/\/radioguarany.com.ar\/pena-la-guarany-abre-sus-puertas-en-cosquin\/embed\/#?secret=Z8VAB6sFfv\" width=\"600\" height=\"338\" title=\"&#8220;Pe\u00f1a &#8220;La Guarany&#8221; abre sus puertas en Cosqu\u00edn&#8221; &#8212; RADIO GUARANY\" data-secret=\"Z8VAB6sFfv\" frameborder=\"0\" marginwidth=\"0\" marginheight=\"0\" scrolling=\"no\" class=\"wp-embedded-content\"><\/iframe><script type=\"text\/javascript\">\n\/* <![CDATA[ *\/\n\/*! This file is auto-generated *\/\n!function(d,l){\"use strict\";l.querySelector&&d.addEventListener&&\"undefined\"!=typeof URL&&(d.wp=d.wp||{},d.wp.receiveEmbedMessage||(d.wp.receiveEmbedMessage=function(e){var t=e.data;if((t||t.secret||t.message||t.value)&&!\/[^a-zA-Z0-9]\/.test(t.secret)){for(var s,r,n,a=l.querySelectorAll('iframe[data-secret=\"'+t.secret+'\"]'),o=l.querySelectorAll('blockquote[data-secret=\"'+t.secret+'\"]'),c=new RegExp(\"^https?:$\",\"i\"),i=0;i<o.length;i++)o[i].style.display=\"none\";for(i=0;i<a.length;i++)s=a[i],e.source===s.contentWindow&&(s.removeAttribute(\"style\"),\"height\"===t.message?(1e3<(r=parseInt(t.value,10))?r=1e3:~~r<200&&(r=200),s.height=r):\"link\"===t.message&&(r=new URL(s.getAttribute(\"src\")),n=new URL(t.value),c.test(n.protocol))&&n.host===r.host&&l.activeElement===s&&(d.top.location.href=t.value))}},d.addEventListener(\"message\",d.wp.receiveEmbedMessage,!1),l.addEventListener(\"DOMContentLoaded\",function(){for(var e,t,s=l.querySelectorAll(\"iframe.wp-embedded-content\"),r=0;r<s.length;r++)(t=(e=s[r]).getAttribute(\"data-secret\"))||(t=Math.random().toString(36).substring(2,12),e.src+=\"#?secret=\"+t,e.setAttribute(\"data-secret\",t)),e.contentWindow.postMessage({message:\"ready\",secret:t},\"*\")},!1)))}(window,document);\n\/\/# sourceURL=https:\/\/radioguarany.com.ar\/%77%70%2d%69%6e%63%6c%75%64%65%73\/js\/wp-embed.min.js\n\/* ]]> *\/\n<\/script>\n","thumbnail_url":"https:\/\/radioguarany.com.ar\/%77%70%2d%63%6f%6e%74%65%6e%74\/uploads\/2023\/09\/penalaguaranyverlin.jpg","thumbnail_width":600,"thumbnail_height":395,"description":"Pe\u00f1a &#8220;La Guarany&#8221; inaugura este s\u00e1bado 23 de septiembre a las 20 horas en Verl\u00edn bar, Obispo Bustos 628 en la ciudad de Cosqu\u00edn, C\u00f3rdoba. Contar\u00e1 con la participaci\u00f3n de Ezequiel Ratti, Johana Joana Espinosa, Pichy Acosta, Los Changuitos, Lily Biotti y Hern\u00e1n Maluenda. Se entregar\u00e1 un reconocimiento sobre el..."}